{"id":2594,"date":"2025-11-24T15:55:15","date_gmt":"2025-11-24T14:55:15","guid":{"rendered":"https:\/\/www.magic-hill.cz\/zivot-v-magic-hill\/parlament-ekotym\/"},"modified":"2026-01-15T15:22:03","modified_gmt":"2026-01-15T14:22:03","slug":"parlament-ekotym","status":"publish","type":"page","link":"https:\/\/www.magic-hill.cz\/en\/zivot-v-magic-hill\/parlament-ekotym\/","title":{"rendered":"Parlament, Ekot\u00fdm"},"content":{"rendered":"<section class=\"base-section u-posr\">\n  <div class=\"base-section__container d-flex flex-column gap-7 container\">\n        \n<header class=\"base-header d-flex flex-column align-items-center text-center gap-2\">\n\n  \n  <h1 class=\"base-heading mb-0 u-fw-600 u-text-balance u-h1\">\n            Parlament, Ekot\u00fdm\n      <\/h1>\n\n  \n  \n  \n\n<\/header>\n\n\n  \n      <\/div>\n\n  <\/section>\n\n\n<section class=\"base-section u-posr\">\n  <div class=\"base-section__container d-flex flex-column gap-7 container\">\n        \n\n<div class=\"row justify-content-center\">\n  <div class=\"col-lg-8\">\n\n    <div class=\"entry-content\">\n\n<p class=\"has-text-align-center\">Jedn\u00edm z pil\u00ed\u0159\u016f na\u0161eho vzd\u011bl\u00e1vac\u00edho programu je i budov\u00e1n\u00ed odpov\u011bdn\u00e9ho p\u0159\u00edstupu na\u0161ich \u017e\u00e1k\u016f tak, aby v budoucnu p\u0159ij\u00edmali svou roli aktivn\u00edho ob\u010dana ve spole\u010dnosti. P\u0159ij\u00edmali&nbsp; plnou odpov\u011bdnost za sv\u00e9 jedn\u00e1n\u00ed, usilovali o zlep\u0161ov\u00e1n\u00ed vztah\u016f ve sv\u00e9m okol\u00ed, udr\u017eov\u00e1n\u00ed a ochranu p\u0159\u00edrodn\u00edho bohatstv\u00ed, projevovali soucit a empatii ke slab\u0161\u00edm a pot\u0159ebn\u00fdm. Tyto hodnoty ve \u0161kole posilujeme tak\u00e9 \u010dinnost\u00ed \u0161koln\u00edho EKO t\u00fdmu a \u017e\u00e1kovsk\u00e9ho parlamentu.<br><\/p>\n\n<\/div>\n\n  <\/div>\n<\/div>\n\n\n  \n      <\/div>\n\n  <\/section>\n\n\n<section class=\"base-section u-posr    --background\">\n  <div class=\"base-section__container d-flex flex-column gap-7 container\">\n        \n<div class=\"g-text-and-media d-flex flex-column gap-4 --default\">\n\n  <div class=\"g-text-and-media__col --media-col w-100\">\n    \n<div class=\"i-media u-posr overflow-hidden u-radius-sm\">\n      \n<div class=\"img u-posr overflow-hidden d-block --cover --placeholder\">\n  <picture>\n    \n    <img loading=\"lazy\" decoding=\"async\" src=\"\" data-src=\"https:\/\/www.magic-hill.cz\/wp-content\/uploads\/2025\/12\/admin-ajax-668x697-c-center.webp\" alt=\"Parlament, Ekot\u00fdm - Magic Hill - \u0160kola, kde rosteme spolu.\" width=\"668\" height=\"697\" draggable=\"false\" srcset=\"\" data-srcset=\"https:\/\/www.magic-hill.cz\/wp-content\/uploads\/2025\/12\/admin-ajax-668x697-c-center.webp 1x, https:\/\/www.magic-hill.cz\/wp-content\/uploads\/2025\/12\/admin-ajax-1336x1394-c-center.webp 2x\">\n  <\/picture>\n<\/div>\n  \n  <\/div>\n  <\/div>\n\n  <div class=\"g-text-and-media__col --content-col w-100 align-self-center d-flex flex-column gap-3\">\n\n          <header class=\"base-header d-flex flex-column align-items-center text-center gap-2 --left --spacing-sm g-text-and-media__header-in\">\n\n        \n  <h2 class=\"base-heading mb-0 u-fw-600 u-text-balance u-h2\">\n            EKO T\u00ddM\n      <\/h2>\n\n  \n  \n  \n\n<\/header>\n    \n          <div class=\"g-text-and-media__body entry-content u-fz-md\">\n                          \n\n<p>Ekot\u00fdm v na\u0161\u00ed \u0161kole vznikl v roce 2018, od t\u00e9 doby se stal ned\u00edlnou sou\u010d\u00e1st\u00ed \u017eivota \u0161koly. Ka\u017ed\u00fd rok se najde parta nad\u0161en\u00fdch d\u011bt\u00ed, kter\u00e9 v\u011b\u0159\u00ed, \u017ee dok\u00e1\u017eou m\u011bnit sv\u00e9 bezprost\u0159edn\u00ed okol\u00ed k lep\u0161\u00edmu. A kdy\u017e zm\u011bn\u00ed n\u011bco k lep\u0161\u00edmu ve&nbsp;sv\u00e9m okol\u00ed nyn\u00ed, jsou&nbsp;na nejlep\u0161\u00ed cest\u011b v\u011b\u0159it si a \u010dinit rozhodnut\u00ed, kter\u00e1 budou m\u00edt t\u0159eba je\u0161t\u011b v\u011bt\u0161\u00ed rozsah a&nbsp;&nbsp;dopad, v jejich dosp\u011bl\u00e9m \u017eivot\u011b.<\/p>\n\n\n\n<p>Mezin\u00e1rodn\u00ed program Eko\u0161kola v \u010cesk\u00e9 republice b\u011b\u017e\u00ed pod z\u00e1\u0161titou vzd\u011bl\u00e1vac\u00ed organizace Tereza.&nbsp;Ve \u0161koln\u00edm roce 2021\/22 jsme se vydali na&nbsp;<strong>Zelenou cestu mezin\u00e1rodn\u00edho programu Eko\u0161koly, usp\u011bli a z\u00edskali certifikaci.<\/strong><\/p>\n\n\n              <\/div>\n    \n    \n\n\n\n\n  <\/div>\n\n<\/div>\n\n\n  \n      <\/div>\n\n  <\/section>\n\n\n<section class=\"base-section u-posr\">\n  <div class=\"base-section__container d-flex flex-column gap-7 container\">\n        \n<div class=\"g-text-and-media d-flex flex-column gap-4 --reverse\">\n\n  <div class=\"g-text-and-media__col --media-col w-100\">\n    \n<div class=\"i-media u-posr overflow-hidden u-radius-sm\">\n      \n<div class=\"img u-posr overflow-hidden d-block --cover --placeholder\">\n  <picture>\n    \n    <img loading=\"lazy\" decoding=\"async\" src=\"\" data-src=\"https:\/\/www.magic-hill.cz\/wp-content\/uploads\/2025\/11\/IMG_1952-1024x769-1-668x502-c-center.webp\" alt=\"Parlament, Ekot\u00fdm - Magic Hill - \u0160kola, kde rosteme spolu.\" width=\"668\" height=\"502\" draggable=\"false\" srcset=\"\" data-srcset=\"https:\/\/www.magic-hill.cz\/wp-content\/uploads\/2025\/11\/IMG_1952-1024x769-1-668x502-c-center.webp 1x, https:\/\/www.magic-hill.cz\/wp-content\/uploads\/2025\/11\/IMG_1952-1024x769-1-1336x1004-c-center.webp 2x\">\n  <\/picture>\n<\/div>\n  \n  <\/div>\n  <\/div>\n\n  <div class=\"g-text-and-media__col --content-col w-100 align-self-center d-flex flex-column gap-3\">\n\n          <header class=\"base-header d-flex flex-column align-items-center text-center gap-2 --left --spacing-sm g-text-and-media__header-in\">\n\n        \n  <h2 class=\"base-heading mb-0 u-fw-600 u-text-balance u-h2\">\n            Obhajoba vlajky ve \u0161koln\u00edm roce 2024\/2025\n      <\/h2>\n\n  \n  \n  \n\n<\/header>\n    \n          <div class=\"g-text-and-media__body entry-content u-fz-md\">\n                          \n\n<p><strong>Na jak\u00e9 t\u00e9ma se vrhnout? Voda, energie, diverzita, doprava nebo snad prost\u0159ed\u00ed \u0161koly?<\/strong><\/p>\n\n\n\n<p>\u010clenov\u00e9 Ekot\u00fdmu zrevidovali minul\u00e1 t\u00e9mata, kter\u00fdmi se Ekot\u00fdm zab\u00fdval a zjistil zna\u010dn\u00e9 nedostatky v&nbsp;r\u00e1mci ji\u017e probran\u00e9 kapitoly \u2013 vznik a t\u0159\u00edd\u011bn\u00ed odpad\u016f. Volba t\u00e9matu tedy byla jasn\u00e1 \u2013 odpady.<\/p>\n\n\n\n<p>B\u011bhem 7krok\u016f (metodick\u00fd n\u00e1vod) jsme pro\u0161li \u0161kolu od shora dol\u016f a zjistili a zapsali faktick\u00fd stav ko\u0161\u016f a zrevidovali jejich obsah. Odhadli jsme produkci celkov\u00e9ho objemu komun\u00e1ln\u00edho odpadu za m\u011bs\u00edc a odhad porovnali s re\u00e1ln\u00fdmi \u010d\u00edsly z agendy \u0161koly. Zjistili jsme, kde je\u0161t\u011b, krom\u011b t\u0159\u00edd, odpad vznik\u00e1 a navrhli opat\u0159en\u00ed, kter\u00e1 by mohla produkci odpad\u016f sn\u00ed\u017eit. D\u016fle\u017eit\u00fdm krokem je informovanost ostatn\u00edch a komunikace nejen se spolu\u017e\u00e1ky, ale i veden\u00edm a provozn\u00edmi zam\u011bstnanci. Pokud chceme usp\u011bt, mus\u00edme v\u0161ichni t\u00e1hnout za jeden provaz a b\u00fdt d\u016fsledn\u00ed.<\/p>\n\n\n\n<p>B\u011bhem anal\u00fdzy \u0161koly se d\u011bti dostaly do m\u00edst, o kter\u00fdch doposud nem\u011bly ani pon\u011bt\u00ed. D\u00edky pr\u016fzkumu zjistily, kde kon\u010d\u00ed odpadn\u00ed j\u00eddlo z j\u00eddelny, jak to u gastrokompost\u00e9ru nev\u00e1bn\u011b von\u00ed a nebo \u017ee ve druh\u00e9m pat\u0159e te\u010de z kohoutku chlazen\u00e1 perliv\u00e1 voda. Pr\u00e1v\u011b tuto novinku zavedla \u0161kola pro d\u011bti 2. stupn\u011b jako opat\u0159en\u00ed proti po\u0159izov\u00e1n\u00ed n\u00e1poj\u016f v jednor\u00e1zov\u00fdch plastov\u00fdch lahv\u00edch.<\/p>\n\n\n              <\/div>\n    \n    \n\n\n\n\n  <\/div>\n\n<\/div>\n\n\n  \n      <\/div>\n\n  <\/section>\n\n\n<section class=\"base-section u-posr    --background\">\n  <div class=\"base-section__container d-flex flex-column gap-7 container\">\n        \n<div class=\"g-text-and-media d-flex flex-column gap-4 --default\">\n\n  <div class=\"g-text-and-media__col --media-col w-100\">\n    \n<div class=\"i-media u-posr overflow-hidden u-radius-sm\">\n      \n<div class=\"img u-posr overflow-hidden d-block --cover --placeholder\">\n  <picture>\n    \n    <img loading=\"lazy\" decoding=\"async\" src=\"\" data-src=\"https:\/\/www.magic-hill.cz\/wp-content\/uploads\/2025\/11\/IMG_4411-668x501-c-center.webp\" alt=\"Parlament, Ekot\u00fdm - Magic Hill - \u0160kola, kde rosteme spolu.\" width=\"668\" height=\"501\" draggable=\"false\" srcset=\"\" data-srcset=\"https:\/\/www.magic-hill.cz\/wp-content\/uploads\/2025\/11\/IMG_4411-668x501-c-center.webp 1x, https:\/\/www.magic-hill.cz\/wp-content\/uploads\/2025\/11\/IMG_4411-1336x1002-c-center.webp 2x\">\n  <\/picture>\n<\/div>\n  \n  <\/div>\n  <\/div>\n\n  <div class=\"g-text-and-media__col --content-col w-100 align-self-center d-flex flex-column gap-3\">\n\n          <header class=\"base-header d-flex flex-column align-items-center text-center gap-2 --left --spacing-sm g-text-and-media__header-in\">\n\n        \n  <h2 class=\"base-heading mb-0 u-fw-600 u-text-balance u-h2\">\n            Audit Eko\u0161koly a obhajoba Zelen\u00e9 vlajky\n      <\/h2>\n\n  \n  \n  \n\n<\/header>\n    \n          <div class=\"g-text-and-media__body entry-content u-fz-md\">\n                          \n\n<p>V dubnu 2025 jsme pro\u0161li \u00fasp\u011b\u0161n\u011b auditem a obh\u00e1jili Zelenou vlajku. Audito\u0159i mezin\u00e1rodn\u00edho projektu Eko\u0161kola ocenili nejen pr\u00e1ci \u0161koln\u00edho Ekot\u00fdmu, ale i cel\u00e9 \u0161koly. Jsme r\u00e1di, \u017ee na\u0161e smyslupln\u00e9 \u00fasil\u00ed je vid\u011bt a m\u00e1 sv\u00e9 v\u00fdsledky.<\/p>\n\n\n              <\/div>\n    \n    \n\n\n\n\n  <\/div>\n\n<\/div>\n\n\n  \n      <\/div>\n\n  <\/section>\n\n\n<section class=\"base-section u-posr\">\n  <div class=\"base-section__container d-flex flex-column gap-7 container\">\n        \n<div class=\"g-text-and-media d-flex flex-column gap-4 --reverse\">\n\n  <div class=\"g-text-and-media__col --media-col w-100\">\n    \n<div class=\"i-media u-posr overflow-hidden u-radius-sm\">\n      \n<div class=\"img u-posr overflow-hidden d-block --cover --placeholder\">\n  <picture>\n    \n    <img loading=\"lazy\" decoding=\"async\" src=\"\" data-src=\"https:\/\/www.magic-hill.cz\/wp-content\/uploads\/2025\/11\/580399147_18158531233402180_7780324002198891822_n-668x668-c-center.webp\" alt=\"Parlament, Ekot\u00fdm - Magic Hill - \u0160kola, kde rosteme spolu.\" width=\"668\" height=\"668\" draggable=\"false\" srcset=\"\" data-srcset=\"https:\/\/www.magic-hill.cz\/wp-content\/uploads\/2025\/11\/580399147_18158531233402180_7780324002198891822_n-668x668-c-center.webp 1x, https:\/\/www.magic-hill.cz\/wp-content\/uploads\/2025\/11\/580399147_18158531233402180_7780324002198891822_n-1336x1336-c-center.webp 2x\">\n  <\/picture>\n<\/div>\n  \n  <\/div>\n  <\/div>\n\n  <div class=\"g-text-and-media__col --content-col w-100 align-self-center d-flex flex-column gap-3\">\n\n          <header class=\"base-header d-flex flex-column align-items-center text-center gap-2 --left --spacing-sm g-text-and-media__header-in\">\n\n        \n  <h2 class=\"base-heading mb-0 u-fw-600 u-text-balance u-h2\">\n            <strong>\u0160KOLN\u00cd PARLAMENT<\/strong>\n      <\/h2>\n\n  \n  \n  \n\n<\/header>\n    \n          <div class=\"g-text-and-media__body entry-content u-fz-md\">\n                          \n\n<p>\u0160koln\u00ed parlament funguje ve \u0161kole od roku 2018. Tvo\u0159\u00ed ho zvolen\u00ed z\u00e1stupci z\u202f\u0159ad \u017e\u00e1k\u016f a \u017e\u00e1ky\u0148 p\u00e1t\u00fdch a\u017e dev\u00e1t\u00fdch t\u0159\u00edd. Sch\u016fzky parlamentu prob\u00edhaj\u00ed jednou t\u00fddn\u011b pod veden\u00edm dvou koordin\u00e1tor\u016f (pedagog a \u0161koln\u00ed psycholog).&nbsp;&nbsp;<\/p>\n\n\n\n<p>\u0160koln\u00ed parlament hraje d\u016fle\u017eitou roli v \u017eivot\u011b \u0161koly, a to nejen jako platforma pro vyj\u00e1d\u0159en\u00ed n\u00e1zor\u016f student\u016f, ale i jako prostor, kde se d\u011bti u\u010d\u00ed z\u00e1klad\u016fm demokracie v praxi. Na\u0161i \u017e\u00e1ci si d\u00edky \u00fa\u010dasti v parlamentu tr\u00e9nuj\u00ed dovednosti, kter\u00e9 jsou v demokratick\u00e9 spole\u010dnosti nepostradateln\u00e9.&nbsp;\u010clenov\u00e9 parlamentu ukazuj\u00ed spolu\u017e\u00e1k\u016fm, jak je d\u016fle\u017eit\u00e1 respektuj\u00edc\u00ed a otev\u0159en\u00e1 komunikace a sou\u010dasn\u011b se st\u00e1vaj\u00ed prost\u0159edn\u00edky pro komunikaci mezi studenty a veden\u00edm \u0161koly. Sb\u00edraj\u00ed n\u00e1pady od spolu\u017e\u00e1k\u016f, diskutuj\u00ed s veden\u00edm \u0161koly, obracej\u00ed se na r\u016fzn\u00e9 \u00fa\u0159ady ve m\u011bst\u011b.&nbsp;&nbsp;<\/p>\n\n\n\n<p>Parlament se tak\u00e9 aktivn\u011b pod\u00edl\u00ed na p\u0159\u00edprav\u011b a organizaci velk\u00fdch \u0161koln\u00edch akc\u00ed, co\u017e podporuje spolupr\u00e1ci mezi studenty. Jedn\u00edm z\u202fnejv\u00fdznamn\u011bj\u0161\u00edch z\u00e1jm\u016f \u0161koln\u00edho parlamentu je charita.&nbsp;Dal\u0161\u00edm d\u016fle\u017eit\u00fdm bodem je spolupr\u00e1ce \u0161koln\u00edho parlamentu s Ekot\u00fdmem. D\u011bti se tak pod\u00edlej\u00ed na aktivit\u00e1ch, kter\u00e9 podporuj\u00ed udr\u017eiteln\u00fd rozvoj a pom\u00e1haj\u00ed zv\u00fd\u0161it z\u00e1jem o ochranu na\u0161\u00ed planety. T\u00edmto zp\u016fsobem si \u017e\u00e1ci uv\u011bdomuj\u00ed d\u016fle\u017eitost ekologick\u00fdch probl\u00e9m\u016f a aktivn\u011b se zapojuj\u00ed do jejich \u0159e\u0161en\u00ed.&nbsp;Sou\u010d\u00e1st\u00ed \u010dinnosti parlamentu jsou tak\u00e9 assembly, kter\u00e9 n\u011bkolikr\u00e1t za \u0161koln\u00ed rok p\u0159ipravuj\u00ed. Na t\u011bchto setk\u00e1n\u00edch shrnuj\u00ed svou \u010dinnost a d\u00e1vaj\u00ed v\u0161em mo\u017enost vyj\u00e1d\u0159it se k fungov\u00e1n\u00ed parlamentu. T\u00edm podporuj\u00ed otev\u0159enou diskusi a zapojuj\u00ed do procesu v\u0161echny studenty.<\/p>\n\n\n              <\/div>\n    \n    \n\n\n\n\n  <\/div>\n\n<\/div>\n\n\n  \n      <\/div>\n\n  <\/section>\n\n\n<section class=\"base-section u-posr    --background\">\n  <div class=\"base-section__container d-flex flex-column gap-7 container\">\n        \n<div class=\"g-text-and-media d-flex flex-column gap-4 --default\">\n\n  <div class=\"g-text-and-media__col --media-col w-100\">\n    \n<div class=\"i-media u-posr overflow-hidden u-radius-sm\">\n      \n<div class=\"img u-posr overflow-hidden d-block --cover --placeholder  --ratio-3:2\">\n  <picture>\n    \n    <img loading=\"lazy\" decoding=\"async\" src=\"\" data-src=\"https:\/\/www.magic-hill.cz\/wp-content\/uploads\/2025\/11\/stanek-parlamentu-1-1024x668-1-668x445-c-center.webp\" alt=\"Parlament, Ekot\u00fdm - Magic Hill - \u0160kola, kde rosteme spolu.\" width=\"668\" height=\"445\" draggable=\"false\" srcset=\"\" data-srcset=\"https:\/\/www.magic-hill.cz\/wp-content\/uploads\/2025\/11\/stanek-parlamentu-1-1024x668-1-668x445-c-center.webp 1x, https:\/\/www.magic-hill.cz\/wp-content\/uploads\/2025\/11\/stanek-parlamentu-1-1024x668-1-1336x890-c-center.webp 2x\">\n  <\/picture>\n<\/div>\n  \n  <\/div>\n  <\/div>\n\n  <div class=\"g-text-and-media__col --content-col w-100 align-self-center d-flex flex-column gap-3\">\n\n          <header class=\"base-header d-flex flex-column align-items-center text-center gap-2 --left --spacing-sm g-text-and-media__header-in\">\n\n        \n  <h2 class=\"base-heading mb-0 u-fw-600 u-text-balance u-h2\">\n            Vybran\u00e9 akce \u0161koln\u00edho parlamentu:\n      <\/h2>\n\n  \n  \n  \n\n<\/header>\n    \n          <div class=\"g-text-and-media__body entry-content u-fz-md\">\n                          \n\n<ul class=\"wp-block-list\">\n<li>charitativn\u00ed sb\u00edrky, nap\u0159. ve spolupr\u00e1ci s&nbsp;<em>Diakoni\u00ed Broumov,&nbsp; organizac\u00ed&nbsp;<\/em><em>Chrti v\u202fnouzi,&nbsp;<\/em><em>pro<\/em>&nbsp;<em>Klub nemocn\u00fdch cystickou fibr\u00f3zou nebo pro nemocn\u00e9ho&nbsp;chlapce&nbsp;<\/em>&nbsp;<\/li>\n\n\n\n<li>akce&nbsp;<em>Kniha nap\u0159\u00ed\u010d generacemi<\/em>: mezigenera\u010dn\u00ed setk\u00e1n\u00ed seniorek a d\u011bt\u00ed na t\u00e9ma knihy a technologie ve v\u00fduce (ve spolupr\u00e1ci s\u202fknihkupectv\u00edm&nbsp;<em>Beletrio<\/em>)&nbsp;<\/li>\n\n\n\n<li>hlasov\u00e1n\u00ed o podob\u011b \u0161koln\u00edho zvon\u011bn\u00ed<\/li>\n\n\n\n<li>simulace voleb prezidenta republiky<\/li>\n\n\n\n<li>spolupr\u00e1ce s\u202fEkot\u00fdmem na akci&nbsp;<em>Den Zem\u011b<\/em>&nbsp;(osv\u011bta ve\u0159ejnosti o zodpov\u011bdn\u00e9m chov\u00e1n\u00ed k\u202fplanet\u011b)&nbsp;<\/li>\n\n\n\n<li>pomoc p\u0159i organizaci projektu&nbsp;<em>Magick\u00e1 ze\u010f&nbsp;<\/em>(oprava a v\u00fdzdoba star\u00e9 zdi sousedn\u00edho h\u0159i\u0161t\u011b)&nbsp;<\/li>\n\n\n\n<li>organizov\u00e1n\u00ed Talent Show v r\u00e1mci zahradn\u00ed slavnosti \u0161koly&nbsp;<\/li>\n<\/ul>\n\n\n              <\/div>\n    \n    \n\n\n\n\n  <\/div>\n\n<\/div>\n\n\n  \n      <\/div>\n\n  <\/section>\n","protected":false},"excerpt":{"rendered":"","protected":false},"author":1,"featured_media":0,"parent":2589,"menu_order":0,"comment_status":"closed","ping_status":"closed","template":"","meta":{"footnotes":""},"class_list":["post-2594","page","type-page","status-publish","hentry"],"yoast_head":"<!-- This site is optimized with the Yoast SEO plugin v25.9 - https:\/\/yoast.com\/wordpress\/plugins\/seo\/ -->\n<title>Parlament, Ekot\u00fdm - Magic Hill - \u0160kola, kde rosteme spolu.<\/title>\n<meta name=\"robots\" content=\"index, follow, max-snippet:-1, max-image-preview:large, max-video-preview:-1\" \/>\n<link rel=\"canonical\" href=\"https:\/\/www.magic-hill.cz\/en\/zivot-v-magic-hill\/parlament-ekotym\/\" \/>\n<meta property=\"og:locale\" content=\"en_US\" \/>\n<meta property=\"og:type\" content=\"article\" \/>\n<meta property=\"og:title\" content=\"Parlament, Ekot\u00fdm - Magic Hill - \u0160kola, kde rosteme spolu.\" \/>\n<meta property=\"og:url\" content=\"https:\/\/www.magic-hill.cz\/en\/zivot-v-magic-hill\/parlament-ekotym\/\" \/>\n<meta property=\"og:site_name\" content=\"Magic Hill - \u0160kola, kde rosteme spolu.\" \/>\n<meta property=\"article:modified_time\" content=\"2026-01-15T14:22:03+00:00\" \/>\n<meta property=\"og:image\" content=\"https:\/\/www.magic-hill.cz\/wp-content\/uploads\/2025\/12\/ChatGPT-Image-15.-12.-2025-11_27_00-1024x683.png\" \/>\n\t<meta property=\"og:image:width\" content=\"1024\" \/>\n\t<meta property=\"og:image:height\" content=\"683\" \/>\n\t<meta property=\"og:image:type\" content=\"image\/png\" \/>\n<meta name=\"twitter:card\" content=\"summary_large_image\" \/>\n<meta name=\"twitter:label1\" content=\"Est. reading time\" \/>\n\t<meta name=\"twitter:data1\" content=\"4 minutes\" \/>\n<!-- \/ Yoast SEO plugin. -->","yoast_head_json":{"title":"Parlament, Ekot\u00fdm - Magic Hill - \u0160kola, kde rosteme spolu.","robots":{"index":"index","follow":"follow","max-snippet":"max-snippet:-1","max-image-preview":"max-image-preview:large","max-video-preview":"max-video-preview:-1"},"canonical":"https:\/\/www.magic-hill.cz\/en\/zivot-v-magic-hill\/parlament-ekotym\/","og_locale":"en_US","og_type":"article","og_title":"Parlament, Ekot\u00fdm - Magic Hill - \u0160kola, kde rosteme spolu.","og_url":"https:\/\/www.magic-hill.cz\/en\/zivot-v-magic-hill\/parlament-ekotym\/","og_site_name":"Magic Hill - \u0160kola, kde rosteme spolu.","article_modified_time":"2026-01-15T14:22:03+00:00","og_image":[{"width":1024,"height":683,"url":"https:\/\/www.magic-hill.cz\/wp-content\/uploads\/2025\/12\/ChatGPT-Image-15.-12.-2025-11_27_00-1024x683.png","type":"image\/png"}],"twitter_card":"summary_large_image","twitter_misc":{"Est. reading time":"4 minutes"},"schema":{"@context":"https:\/\/schema.org","@graph":[{"@type":"WebPage","@id":"https:\/\/www.magic-hill.cz\/en\/zivot-v-magic-hill\/parlament-ekotym\/","url":"https:\/\/www.magic-hill.cz\/en\/zivot-v-magic-hill\/parlament-ekotym\/","name":"Parlament, Ekot\u00fdm - Magic Hill - \u0160kola, kde rosteme spolu.","isPartOf":{"@id":"https:\/\/www.magic-hill.cz\/en\/#website"},"datePublished":"2025-11-24T14:55:15+00:00","dateModified":"2026-01-15T14:22:03+00:00","breadcrumb":{"@id":"https:\/\/www.magic-hill.cz\/en\/zivot-v-magic-hill\/parlament-ekotym\/#breadcrumb"},"inLanguage":"en-US","potentialAction":[{"@type":"ReadAction","target":["https:\/\/www.magic-hill.cz\/en\/zivot-v-magic-hill\/parlament-ekotym\/"]}]},{"@type":"BreadcrumbList","@id":"https:\/\/www.magic-hill.cz\/en\/zivot-v-magic-hill\/parlament-ekotym\/#breadcrumb","itemListElement":[{"@type":"ListItem","position":1,"name":"Dom\u016f","item":"https:\/\/www.magic-hill.cz\/en\/"},{"@type":"ListItem","position":2,"name":"\u017divot v Magic Hill","item":"https:\/\/www.magic-hill.cz\/en\/zivot-v-magic-hill\/"},{"@type":"ListItem","position":3,"name":"Parlament, Ekot\u00fdm"}]},{"@type":"WebSite","@id":"https:\/\/www.magic-hill.cz\/en\/#website","url":"https:\/\/www.magic-hill.cz\/en\/","name":"Magic Hill - \u0160kola, kde rosteme spolu.","description":"","potentialAction":[{"@type":"SearchAction","target":{"@type":"EntryPoint","urlTemplate":"https:\/\/www.magic-hill.cz\/en\/?s={search_term_string}"},"query-input":{"@type":"PropertyValueSpecification","valueRequired":true,"valueName":"search_term_string"}}],"inLanguage":"en-US"}]}},"_links":{"self":[{"href":"https:\/\/www.magic-hill.cz\/en\/wp-json\/wp\/v2\/pages\/2594","targetHints":{"allow":["GET"]}}],"collection":[{"href":"https:\/\/www.magic-hill.cz\/en\/wp-json\/wp\/v2\/pages"}],"about":[{"href":"https:\/\/www.magic-hill.cz\/en\/wp-json\/wp\/v2\/types\/page"}],"author":[{"embeddable":true,"href":"https:\/\/www.magic-hill.cz\/en\/wp-json\/wp\/v2\/users\/1"}],"replies":[{"embeddable":true,"href":"https:\/\/www.magic-hill.cz\/en\/wp-json\/wp\/v2\/comments?post=2594"}],"version-history":[{"count":1,"href":"https:\/\/www.magic-hill.cz\/en\/wp-json\/wp\/v2\/pages\/2594\/revisions"}],"predecessor-version":[{"id":3467,"href":"https:\/\/www.magic-hill.cz\/en\/wp-json\/wp\/v2\/pages\/2594\/revisions\/3467"}],"up":[{"embeddable":true,"href":"https:\/\/www.magic-hill.cz\/en\/wp-json\/wp\/v2\/pages\/2589"}],"wp:attachment":[{"href":"https:\/\/www.magic-hill.cz\/en\/wp-json\/wp\/v2\/media?parent=2594"}],"curies":[{"name":"wp","href":"https:\/\/api.w.org\/{rel}","templated":true}]}}